{"id":120,"date":"2017-01-31T13:15:21","date_gmt":"2017-01-31T13:15:21","guid":{"rendered":"http:\/\/maestrazgo.org\/leader\/?page_id=120"},"modified":"2024-09-27T10:10:12","modified_gmt":"2024-09-27T10:10:12","slug":"socios-adema-y-organos-de-gobierno","status":"publish","type":"page","link":"https:\/\/maestrazgo.org\/leader\/acerca-de\/plan-de-comunicacion-y-transparencia\/socios-adema-y-organos-de-gobierno\/","title":{"rendered":"SOCIOS ADEMA Y \u00d3RGANOS DE GOBIERNO"},"content":{"rendered":"<p>Como Asociaci\u00f3n que pretende cumplir sus fines estatutarios se pretende que los socios de ADEMA\u00a0\u00a0\u00a0 puedan ser aquellas entidades sociales y econ\u00f3micas p\u00fablicas y privadas\u00a0\u00a0 representativas de la Comarca del Maestrazgo, y por tanto que los mismos socios puedan participar activamente en los diferentes programas y proyectos que gestiona la Asociaci\u00f3n. Para que prime el principio de representatividad que marca la normativa Europea, se har\u00e1 cumplir la normativa Comunitaria por la cual ning\u00fan grupo de Inter\u00e9s concreto podr\u00e1 representar m\u00e1s del\u00a0 49% de los derechos de voto en la toma de decisiones.<\/p>\n<p>ADEMA procedi\u00f3 a adaptar sus estatutos y actualizarlo a la nueva realidad social y econ\u00f3mica del momento actual, y en estos momentos \u00ab<em>Podr\u00e1n pertenecer a la Asociaci\u00f3n aquellas personas <strong>f\u00edsicas, mayores de edad y <\/strong>con capacidad<strong> legal <\/strong>de obrar<strong> y los colectivos con personalidad jur\u00eddica, representados por la persona o personas f\u00edsicas expresamente designadas para ello con capacidad de obrar <\/strong>que tengan inter\u00e9s en el desarrollo de los fines\u00bb.<\/em><\/p>\n<p>Quienes deseen pertenecer a la Asociaci\u00f3n, deber\u00e1n presentar una solicitud por escrito a la Junta Directiva, acreditando las condiciones del p\u00e1rrafo anterior. La Junta Directiva valorar\u00e1 la solicitud de admisi\u00f3n para su aprobaci\u00f3n o denegaci\u00f3n y dar\u00e1 cuenta de su decisi\u00f3n oficialmente en la siguiente reuni\u00f3n que se celebre de la Asamblea General de la Asociaci\u00f3n.<\/p>\n<p>Adjuntamos \u00a0la ficha de inscripci\u00f3n de socio de la Asociaci\u00f3n y el Estatuto de Socio con sus derechos y obligaciones.\u00a0<a href=\"http:\/\/maestrazgo.org\/leader\/wp-content\/uploads\/2020\/01\/ESTATUTO-DEL-SOCIO-Y-FICHA-DE-INSCRIPCI\u00d3N-2020.pdf\">ESTATUTO DEL SOCIO Y FICHA DE INSCRIPCI\u00d3N<\/a><\/p>\n<p>El Art\u00edculo 6 de los Estatutos de la Asociaci\u00f3n\u00a0 subraya que la Asociaci\u00f3n ser\u00e1 gestionada por una\u00a0 junta directiva formada por Presidente, Vicepresidente, Secretario y Tesorero, y un n\u00famero impar de vocales a determinar por la Asamblea General.<\/p>\n<p>Es importante se\u00f1alar que \u00a0en la composici\u00f3n de la junta directiva se respetar\u00e1 la representaci\u00f3n del sector privado al menos en un 51% de sus miembros.<\/p>\n<p>En la Asamblea del 15 de noviembre de 2023, se procedi\u00f3 a sustituir los cargos directivos de la Asociaci\u00f3n,\u00a0 con los siguientes representantes de entidades sociales y econ\u00f3micas y distribuci\u00f3n de cargos directivos.<\/p>\n<p>La\u00a0junta y equipo directivo no recibe remuneraci\u00f3n econ\u00f3mica alguna salvo las derivadas del desplazamiento y asistencia a juntas directivas y eventos relacionados con las actividades de promoci\u00f3n y animaci\u00f3n del grupo<strong>.<\/strong><\/p>\n<p>Junta directiva de la Asociaci\u00f3n para el Desarrollo del Maestrazgo.<\/p>\n\n\n<ul>\n<li><strong>Presidente<\/strong>:\n<ul>\n<li>Roberto Rabaza &#8211; Comarca Maestrazgo &#8211; P\u00fablico<\/li>\n<\/ul>\n<\/li>\n\n\n\n<li><strong>Vicepresidente<\/strong>:\n<ul>\n<li>Jordi Sol\u00e1 &#8211; Asoc. Empresarios Tur\u00edsticos Maestrazgo &#8211;  Privado<\/li>\n<\/ul>\n<\/li>\n\n\n\n<li><strong>Secretario<\/strong>:\n<ul>\n<li>Mario Gu\u00eda &#8211; Asoc. para el Desarrollo de Montoro de Mezquita &#8211; Privado<\/li>\n<\/ul>\n<\/li>\n\n\n\n<li><strong>Tesorero<\/strong>:\n<ul>\n<li>David Soler &#8211; Ayuntamiento de Molinos &#8211; P\u00fablico<\/li>\n<\/ul>\n<\/li>\n\n\n\n<li><strong>Vocal:<\/strong>\n<ul>\n<li> Fernando Safont &#8211; Comarca Maestrazgo &#8211; P\u00fablico<\/li>\n<\/ul>\n<\/li>\n\n\n\n<li><strong>Vocal: <\/strong>\n<ul>\n<li>Jos\u00e9 Luis Aguilar &#8211; Comarca Maestrazgo &#8211; P\u00fablico<\/li>\n<\/ul>\n<\/li>\n\n\n\n<li><strong>Vocal: <\/strong>\n<ul>\n<li>Maria del Carmen Soler &#8211; Asoc. Parque Cultural Maestrazgo -Privado<\/li>\n<\/ul>\n<\/li>\n\n\n\n<li><strong>Vocal: <\/strong>\n<ul>\n<li>Ram\u00f3n Royo &#8211; ATADI &#8211; Privado<\/li>\n<\/ul>\n<\/li>\n\n\n\n<li><strong>Vocal:<\/strong>\n<ul>\n<li>Gerardo Oliver.- CEOE Teruel &#8211; Privado<\/li>\n<\/ul>\n<\/li>\n\n\n\n<li><strong>Vocal: <\/strong>\n<ul>\n<li>Mar\u00eda Dolores L\u00f3pez &#8211; Asoc. Mujeres Allepuz. &#8211; Privado<\/li>\n<\/ul>\n<\/li>\n\n\n\n<li><strong>Vocal: <\/strong>\n<ul>\n<li>Ovidio Ort\u00edn. &#8211; Asoc. Empresarios Agroalimentarios &#8211; Privado<\/li>\n<\/ul>\n<\/li>\n<\/ul>\n\n\n\n<p><\/p>\n","protected":false},"excerpt":{"rendered":"<p>Como Asociaci\u00f3n que pretende cumplir sus fines estatutarios se pretende que los socios de ADEMA\u00a0\u00a0\u00a0 puedan ser aquellas entidades sociales y econ\u00f3micas p\u00fablicas y privadas\u00a0\u00a0 representativas de la Comarca del Maestrazgo, y por tanto que los mismos socios puedan participar activamente en los diferentes programas y proyectos que gestiona la Asociaci\u00f3n. Para que prime el &hellip; <a href=\"https:\/\/maestrazgo.org\/leader\/acerca-de\/plan-de-comunicacion-y-transparencia\/socios-adema-y-organos-de-gobierno\/\" class=\"more-link\">Seguir leyendo <span class=\"screen-reader-text\">SOCIOS ADEMA Y \u00d3RGANOS DE GOBIERNO<\/span><\/a><\/p>\n","protected":false},"author":3,"featured_media":0,"parent":105,"menu_order":0,"comment_status":"closed","ping_status":"closed","template":"","meta":{"om_disable_all_campaigns":false,"_monsterinsights_skip_tracking":false,"_monsterinsights_sitenote_active":false,"_monsterinsights_sitenote_note":"","_monsterinsights_sitenote_category":0,"footnotes":""},"aioseo_notices":[],"_links":{"self":[{"href":"https:\/\/maestrazgo.org\/leader\/wp-json\/wp\/v2\/pages\/120"}],"collection":[{"href":"https:\/\/maestrazgo.org\/leader\/wp-json\/wp\/v2\/pages"}],"about":[{"href":"https:\/\/maestrazgo.org\/leader\/wp-json\/wp\/v2\/types\/page"}],"author":[{"embeddable":true,"href":"https:\/\/maestrazgo.org\/leader\/wp-json\/wp\/v2\/users\/3"}],"replies":[{"embeddable":true,"href":"https:\/\/maestrazgo.org\/leader\/wp-json\/wp\/v2\/comments?post=120"}],"version-history":[{"count":10,"href":"https:\/\/maestrazgo.org\/leader\/wp-json\/wp\/v2\/pages\/120\/revisions"}],"predecessor-version":[{"id":707,"href":"https:\/\/maestrazgo.org\/leader\/wp-json\/wp\/v2\/pages\/120\/revisions\/707"}],"up":[{"embeddable":true,"href":"https:\/\/maestrazgo.org\/leader\/wp-json\/wp\/v2\/pages\/105"}],"wp:attachment":[{"href":"https:\/\/maestrazgo.org\/leader\/wp-json\/wp\/v2\/media?parent=120"}],"curies":[{"name":"wp","href":"https:\/\/api.w.org\/{rel}","templated":true}]}}