{"id":2460,"date":"2022-11-22T14:00:09","date_gmt":"2022-11-22T13:00:09","guid":{"rendered":"https:\/\/maestrazgo.org\/esdi\/?page_id=2460"},"modified":"2023-03-28T08:42:03","modified_gmt":"2023-03-28T06:42:03","slug":"espacio-coworking","status":"publish","type":"page","link":"https:\/\/maestrazgo.org\/esdi\/espacio-coworking\/","title":{"rendered":"Espacio coworking"},"content":{"rendered":"<p>[vc_row css_animation=\u00bb\u00bb row_type=\u00bbrow\u00bb use_row_as_full_screen_section=\u00bbno\u00bb type=\u00bbgrid\u00bb angled_section=\u00bbno\u00bb text_align=\u00bbleft\u00bb background_image_as_pattern=\u00bbwithout_pattern\u00bb z_index=\u00bb\u00bb][vc_column][vc_empty_space height=\u00bb100px\u00bb][vc_row_inner row_type=\u00bbrow\u00bb type=\u00bbfull_width\u00bb text_align=\u00bbleft\u00bb css_animation=\u00bb\u00bb][vc_column_inner width=\u00bb1\/6&#8243;][\/vc_column_inner][vc_column_inner width=\u00bb2\/3&#8243;]<div class=\"custom_font_holder\" style=\" font-size: 22px; line-height: 26px; font-style: italic; font-weight: 400; text-decoration: none; text-align: center;\">Reunirse es un comienzo; mantenerse juntos es progreso;\u00a0trabajar juntos es el \u00e9xito.<\/p>\n<p><em>-Henry Ford-<\/em><\/div>[\/vc_column_inner][vc_column_inner width=\u00bb1\/6&#8243;][\/vc_column_inner][\/vc_row_inner][vc_empty_space height=\u00bb50px\u00bb][\/vc_column][\/vc_row][vc_row css_animation=\u00bb\u00bb row_type=\u00bbrow\u00bb use_row_as_full_screen_section=\u00bbno\u00bb type=\u00bbgrid\u00bb angled_section=\u00bbno\u00bb text_align=\u00bbleft\u00bb background_image_as_pattern=\u00bbwithout_pattern\u00bb z_index=\u00bb\u00bb el_id=\u00bbback-left\u00bb css=\u00bb.vc_custom_1669122662785{background-image: url(https:\/\/maestrazgo.org\/esdi\/wp-content\/uploads\/2022\/11\/rec2.jpg?id=2443) !important;background-position: center !important;background-repeat: no-repeat !important;background-size: contain !important;}\u00bb][vc_column offset=\u00bbvc_hidden-sm vc_hidden-xs\u00bb][vc_empty_space height=\u00bb100px\u00bb][vc_row_inner row_type=\u00bbrow\u00bb type=\u00bbfull_width\u00bb text_align=\u00bbleft\u00bb css_animation=\u00bb\u00bb css=\u00bb.vc_custom_1669122690225{padding: 50px !important;background-color: #ffffff !important;}\u00bb][vc_column_inner width=\u00bb1\/2&#8243;][vc_column_text]<\/p>\n<h2><span style=\"color: #0091c5;\">\u00bfQu\u00e9 es?<\/span><\/h2>\n<p>El coworking es una forma de trabajo que permite a profesionales independientes, emprendedores o microempresas compartir un mismo espacio de trabajo para desarrollar sus proyectos profesionales de manera independiente, a la vez que fomentan proyectos conjuntos. Se comparte oficinas y equipamiento, pero sobre todo se comparte energ\u00eda e ilusi\u00f3n, combatiendo el aislamiento de trabajar en casa.[\/vc_column_text][\/vc_column_inner][vc_column_inner width=\u00bb1\/2&#8243;][vc_single_image image=\u00bb2524&#8243; img_size=\u00bbfull\u00bb qode_css_animation=\u00bb\u00bb css=\u00bb.vc_custom_1675950479531{padding-left: 15% !important;}\u00bb][\/vc_column_inner][\/vc_row_inner][vc_empty_space height=\u00bb100px\u00bb][\/vc_column][\/vc_row][vc_row css_animation=\u00bb\u00bb row_type=\u00bbrow\u00bb use_row_as_full_screen_section=\u00bbno\u00bb type=\u00bbgrid\u00bb angled_section=\u00bbno\u00bb text_align=\u00bbleft\u00bb background_image_as_pattern=\u00bbwithout_pattern\u00bb z_index=\u00bb\u00bb css=\u00bb.vc_custom_1679919852744{background-color: rgba(4,141,193,0.01) !important;background-position: center !important;background-repeat: no-repeat !important;background-size: contain !important;*background-color: rgb(4,141,193) !important;}\u00bb][vc_column offset=\u00bbvc_hidden-lg vc_hidden-md\u00bb][vc_separator type=\u00bbnormal\u00bb color=\u00bb#048dc1&#8243;][vc_column_text]<\/p>\n<h2><span style=\"color: #0091c5;\">\u00bfQu\u00e9 es?<\/span><\/h2>\n<p>El coworking es una forma de trabajo que permite a profesionales independientes, emprendedores o microempresas compartir un mismo espacio de trabajo para desarrollar sus proyectos profesionales de manera independiente, a la vez que fomentan proyectos conjuntos. Se comparte oficinas y equipamiento, pero sobre todo se comparte energ\u00eda e ilusi\u00f3n, combatiendo el aislamiento de trabajar en casa.[\/vc_column_text][vc_empty_space height=\u00bb100px\u00bb][vc_single_image image=\u00bb2524&#8243; img_size=\u00bbfull\u00bb alignment=\u00bbcenter\u00bb onclick=\u00bbimg_link_large\u00bb qode_css_animation=\u00bb\u00bb css=\u00bb.vc_custom_1679919901280{padding-left: 15% !important;}\u00bb][\/vc_column][\/vc_row][vc_row css_animation=\u00bb\u00bb row_type=\u00bbrow\u00bb use_row_as_full_screen_section=\u00bbno\u00bb type=\u00bbgrid\u00bb angled_section=\u00bbno\u00bb text_align=\u00bbleft\u00bb background_image_as_pattern=\u00bbwithout_pattern\u00bb z_index=\u00bb\u00bb el_id=\u00bbespacios-servicios\u00bb][vc_column][vc_empty_space height=\u00bb100px\u00bb][vc_column_text]<\/p>\n<h2><span style=\"color: #0091c5;\">Nuestro espacio<\/span><\/h2>\n<p>Nuestro espacio coworking naci\u00f3 con el objetivo de poner a disposici\u00f3n de la innovaci\u00f3n social un espacio y unos medios que ya est\u00e1n trabajando por y para el desarrollo rural, desde un espacio privilegiado que permite trabajar con unas inmejorables vistas sobre el barranco de San Nicol\u00e1s, en Molinos.[\/vc_column_text][vc_empty_space][vc_row_inner row_type=\u00bbrow\u00bb type=\u00bbfull_width\u00bb text_align=\u00bbcenter\u00bb css_animation=\u00bb\u00bb el_id=\u00bbfila-icos\u00bb][vc_column_inner width=\u00bb1\/4&#8243; offset=\u00bbvc_col-xs-12&#8243;]<div class=\"image_with_text\"><img decoding=\"async\" itemprop=\"image\" src=\"https:\/\/maestrazgo.org\/esdi\/wp-content\/uploads\/2022\/11\/wifi.png\" alt=\"Conexi\u00f3n WIFI\" \/><h3 style=\"color:#0091c5;\">Conexi\u00f3n WIFI<\/h3><span style=\"margin: 6px 0px;\" class=\"separator transparent\"><\/span><\/div>[vc_empty_space][\/vc_column_inner][vc_column_inner width=\u00bb1\/4&#8243; offset=\u00bbvc_col-xs-12&#8243;]<div class=\"image_with_text\"><img decoding=\"async\" itemprop=\"image\" src=\"https:\/\/maestrazgo.org\/esdi\/wp-content\/uploads\/2022\/11\/descanso-1.png\" alt=\"Zona de descanso\" \/><h3 style=\"color:#0091c5;\">Zona de descanso<\/h3><span style=\"margin: 6px 0px;\" class=\"separator transparent\"><\/span><\/div>[vc_empty_space][\/vc_column_inner][vc_column_inner width=\u00bb1\/4&#8243; offset=\u00bbvc_col-xs-12&#8243;]<div class=\"image_with_text\"><img decoding=\"async\" itemprop=\"image\" src=\"https:\/\/maestrazgo.org\/esdi\/wp-content\/uploads\/2022\/11\/carta.png\" alt=\"Domiciliaci\u00f3n de la correspondencia\" \/><h3 style=\"color:#0091c5;\">Domiciliaci\u00f3n de la correspondencia<\/h3><span style=\"margin: 6px 0px;\" class=\"separator transparent\"><\/span><\/div>[vc_empty_space][\/vc_column_inner][vc_column_inner width=\u00bb1\/4&#8243; offset=\u00bbvc_col-xs-12&#8243;]<div class=\"image_with_text\"><img decoding=\"async\" itemprop=\"image\" src=\"https:\/\/maestrazgo.org\/esdi\/wp-content\/uploads\/2022\/11\/estacionamiento.png\" alt=\"F\u00e1cil aparcamiento\" \/><h3 style=\"color:#0091c5;\">F\u00e1cil aparcamiento<\/h3><span style=\"margin: 6px 0px;\" class=\"separator transparent\"><\/span><\/div>[vc_empty_space][\/vc_column_inner][\/vc_row_inner][vc_row_inner row_type=\u00bbrow\u00bb type=\u00bbfull_width\u00bb text_align=\u00bbcenter\u00bb css_animation=\u00bb\u00bb el_id=\u00bbfila-icos2&#8243;][vc_column_inner width=\u00bb1\/4&#8243; offset=\u00bbvc_hidden-sm vc_col-xs-12 vc_hidden-xs\u00bb]<div class=\"image_with_text\"><img decoding=\"async\" itemprop=\"image\" src=\"https:\/\/maestrazgo.org\/esdi\/wp-content\/uploads\/2022\/11\/impresion.png\" alt=\"Copister\u00eda\" \/><h3 style=\"color:#0091c5;\">Copister\u00eda<\/h3><span style=\"margin: 6px 0px;\" class=\"separator transparent\"><\/span><\/div>[vc_empty_space][\/vc_column_inner][vc_column_inner width=\u00bb1\/4&#8243; offset=\u00bbvc_col-xs-12&#8243;]<div class=\"image_with_text\"><img decoding=\"async\" itemprop=\"image\" src=\"https:\/\/maestrazgo.org\/esdi\/wp-content\/uploads\/2022\/11\/hombre.png\" alt=\"Mantenimiento y limpieza\" \/><h3 style=\"color:#0091c5;\">Mantenimiento y limpieza<\/h3><span style=\"margin: 6px 0px;\" class=\"separator transparent\"><\/span><\/div>[vc_empty_space][\/vc_column_inner][vc_column_inner width=\u00bb1\/4&#8243; offset=\u00bbvc_col-xs-12&#8243;]<div class=\"image_with_text\"><img decoding=\"async\" itemprop=\"image\" src=\"https:\/\/maestrazgo.org\/esdi\/wp-content\/uploads\/2022\/11\/camara-fotografica.png\" alt=\"Zona de photo-call\" \/><h3 style=\"color:#0091c5;\">Zona de photo-call<\/h3><span style=\"margin: 6px 0px;\" class=\"separator transparent\"><\/span><\/div>[vc_empty_space][\/vc_column_inner][vc_column_inner width=\u00bb1\/4&#8243; offset=\u00bbvc_hidden-lg vc_hidden-md vc_col-xs-12&#8243;]<div class=\"image_with_text\"><img decoding=\"async\" itemprop=\"image\" src=\"https:\/\/maestrazgo.org\/esdi\/wp-content\/uploads\/2022\/11\/impresion.png\" alt=\"Copister\u00eda\" \/><h3 style=\"color:#0091c5;\">Copister\u00eda<\/h3><span style=\"margin: 6px 0px;\" class=\"separator transparent\"><\/span><\/div>[vc_empty_space][\/vc_column_inner][\/vc_row_inner][vc_empty_space height=\u00bb100px\u00bb][\/vc_column][\/vc_row][vc_row css_animation=\u00bb\u00bb row_type=\u00bbrow\u00bb use_row_as_full_screen_section=\u00bbno\u00bb type=\u00bbfull_width\u00bb angled_section=\u00bbno\u00bb text_align=\u00bbleft\u00bb background_image_as_pattern=\u00bbwithout_pattern\u00bb z_index=\u00bb\u00bb css=\u00bb.vc_custom_1667981085024{margin-left: 5% !important;}\u00bb][vc_column][vc_empty_space height=\u00bb50px\u00bb][vc_column_text]<\/p>\n<h2>Espacios disponibles<\/h2>\n<p>[\/vc_column_text][vc_separator type=\u00bbnormal\u00bb][\/vc_column][\/vc_row][vc_row css_animation=\u00bb\u00bb row_type=\u00bbrow\u00bb use_row_as_full_screen_section=\u00bbno\u00bb type=\u00bbfull_width\u00bb angled_section=\u00bbno\u00bb text_align=\u00bbleft\u00bb background_image_as_pattern=\u00bbwithout_pattern\u00bb z_index=\u00bb\u00bb css=\u00bb.vc_custom_1667983705450{margin-right: 5% !important;margin-left: 5% !important;}\u00bb][vc_column width=\u00bb1\/3&#8243; offset=\u00bbvc_hidden-sm vc_hidden-xs\u00bb][vc_column_text]La Asociaci\u00f3n para el Desarrollo del Maestrazgo (ADEMA) dispone de una sede de 400m<sup>2<\/sup> en la localidad de Molinos. \u00a0En esta sede puedes encontrar los espacios disponibles, en el caso de ser una entidad emprendedora\u00a0\u00a0 como los espacios comunes \u00f3ptimos para presentaci\u00f3n de actividades, gesti\u00f3n de eventos, acciones de formaci\u00f3n y emprendimiento.<\/p>\n<p>&nbsp;<\/p>\n<p><strong>Los espacios de uso de inter\u00e9s para el centro de emprendedores son los siguientes:<\/strong><\/p>\n<p><span style=\"color: #048dc1;\"><strong>Planta baja<\/strong><\/span><\/p>\n<p>\u25cf Despachos planta baja (espacio disponible para centro emprendedores).<br \/>\n\u25cf Sala de juntas (espacio disponible para actividades centro de emprendedores).<\/p>\n<p><span style=\"color: #048dc1;\"><strong>Planta primera<\/strong><\/span><\/p>\n<p>\u25cf Despachos \u2013 biblioteca (espacio disponible para centro emprendedores).<br \/>\n\u25cf Despachos planta primera (espacio destinado al coworking).<br \/>\n\u25cf Sal\u00f3n de actos (espacio disponible para actividades centro de emprendedores).[\/vc_column_text][vc_empty_space][\/vc_column][vc_column width=\u00bb2\/3&#8243; css=\u00bb.vc_custom_1679920608565{padding-left: 15% !important;}\u00bb offset=\u00bbvc_hidden-sm vc_hidden-xs\u00bb][vc_row_inner row_type=\u00bbrow\u00bb type=\u00bbfull_width\u00bb text_align=\u00bbcenter\u00bb css_animation=\u00bb\u00bb][vc_column_inner width=\u00bb1\/3&#8243;][vc_single_image image=\u00bb2518&#8243; img_size=\u00bb400&#215;400&#8243; qode_css_animation=\u00bb\u00bb][vc_empty_space height=\u00bb15px\u00bb][vc_single_image image=\u00bb2517&#8243; img_size=\u00bb400&#215;400&#8243; qode_css_animation=\u00bb\u00bb][vc_empty_space height=\u00bb15px\u00bb][\/vc_column_inner][vc_column_inner width=\u00bb1\/3&#8243;][vc_single_image image=\u00bb2522&#8243; img_size=\u00bb400&#215;400&#8243; qode_css_animation=\u00bb\u00bb][vc_empty_space height=\u00bb15px\u00bb][vc_single_image image=\u00bb2521&#8243; img_size=\u00bb400&#215;400&#8243; qode_css_animation=\u00bb\u00bb][vc_empty_space height=\u00bb15px\u00bb][\/vc_column_inner][vc_column_inner width=\u00bb1\/3&#8243;][vc_single_image image=\u00bb2515&#8243; img_size=\u00bb400&#215;400&#8243; qode_css_animation=\u00bb\u00bb][vc_empty_space height=\u00bb15px\u00bb][vc_single_image image=\u00bb2519&#8243; img_size=\u00bb400&#215;400&#8243; qode_css_animation=\u00bb\u00bb][vc_empty_space height=\u00bb15px\u00bb][\/vc_column_inner][\/vc_row_inner][\/vc_column][\/vc_row][vc_row css_animation=\u00bb\u00bb row_type=\u00bbrow\u00bb use_row_as_full_screen_section=\u00bbno\u00bb type=\u00bbfull_width\u00bb angled_section=\u00bbno\u00bb text_align=\u00bbleft\u00bb background_image_as_pattern=\u00bbwithout_pattern\u00bb z_index=\u00bb\u00bb css=\u00bb.vc_custom_1667983705450{margin-right: 5% !important;margin-left: 5% !important;}\u00bb][vc_column offset=\u00bbvc_hidden-lg vc_hidden-md\u00bb][vc_column_text]La Asociaci\u00f3n para el Desarrollo del Maestrazgo (ADEMA) dispone de una sede de 400m<sup>2<\/sup> en la localidad de Molinos. \u00a0En esta sede puedes encontrar los espacios disponibles, en el caso de ser una entidad emprendedora\u00a0\u00a0 como los espacios comunes \u00f3ptimos para presentaci\u00f3n de actividades, gesti\u00f3n de eventos, acciones de formaci\u00f3n y emprendimiento.<\/p>\n<p>&nbsp;<\/p>\n<p><strong>Los espacios de uso de inter\u00e9s para el centro de emprendedores son los siguientes:<\/strong><\/p>\n<p><span style=\"color: #048dc1;\"><strong>Planta baja<\/strong><\/span><\/p>\n<p>\u25cf Despachos planta baja (espacio disponible para centro emprendedores).<br \/>\n\u25cf Sala de juntas (espacio disponible para actividades centro de emprendedores).<\/p>\n<p><span style=\"color: #048dc1;\"><strong>Planta primera<\/strong><\/span><\/p>\n<p>\u25cf Despachos \u2013 biblioteca (espacio disponible para centro emprendedores).<br \/>\n\u25cf Despachos planta primera (espacio destinado al coworking).<br \/>\n\u25cf Sal\u00f3n de actos (espacio disponible para actividades centro de emprendedores).[\/vc_column_text][vc_empty_space][vc_gallery interval=\u00bb3&#8243; images=\u00bb2522,2521,2519,2518,2515,2517&#8243;][\/vc_column][\/vc_row][vc_row css_animation=\u00bb\u00bb row_type=\u00bbrow\u00bb use_row_as_full_screen_section=\u00bbno\u00bb type=\u00bbfull_width\u00bb angled_section=\u00bbno\u00bb text_align=\u00bbleft\u00bb background_image_as_pattern=\u00bbwithout_pattern\u00bb z_index=\u00bb\u00bb css=\u00bb.vc_custom_1667981085024{margin-left: 5% !important;}\u00bb][vc_column][vc_empty_space height=\u00bb100px\u00bb][vc_column_text]<\/p>\n<h2>Espacios comunes<\/h2>\n<p>[\/vc_column_text][vc_separator type=\u00bbnormal\u00bb][\/vc_column][\/vc_row][vc_row css_animation=\u00bb\u00bb row_type=\u00bbrow\u00bb use_row_as_full_screen_section=\u00bbno\u00bb type=\u00bbfull_width\u00bb angled_section=\u00bbno\u00bb text_align=\u00bbleft\u00bb background_image_as_pattern=\u00bbwithout_pattern\u00bb z_index=\u00bb\u00bb css=\u00bb.vc_custom_1667983705450{margin-right: 5% !important;margin-left: 5% !important;}\u00bb][vc_column width=\u00bb1\/3&#8243; offset=\u00bbvc_hidden-sm vc_hidden-xs\u00bb][vc_column_text]<strong>Los espacios comunes del centro de emprendedores son los siguientes:<\/strong><\/p>\n<p><span style=\"color: #048dc1;\"><strong>Espacios comunes<\/strong><\/span><\/p>\n<p>\u25cf Dos almacenes (espacio disponible para centro emprendedores).<br \/>\n\u25cf Sala de reprograf\u00eda.<br \/>\n\u25cf Dos salas de descanso.<br \/>\n\u25cf Photo-call para ruedas de prensa.<br \/>\n\u25cf Dos ba\u00f1os (hombres y mujeres).<br \/>\n\u25cf Almac\u00e9n y sala exposiciones (planta segunda).[\/vc_column_text][vc_empty_space][\/vc_column][vc_column width=\u00bb2\/3&#8243; css=\u00bb.vc_custom_1679921405333{padding-left: 15% !important;}\u00bb offset=\u00bbvc_hidden-sm vc_hidden-xs\u00bb][vc_row_inner row_type=\u00bbrow\u00bb type=\u00bbfull_width\u00bb text_align=\u00bbcenter\u00bb css_animation=\u00bb\u00bb][vc_column_inner width=\u00bb1\/3&#8243;][vc_single_image image=\u00bb2513&#8243; img_size=\u00bb400&#215;400&#8243; qode_css_animation=\u00bb\u00bb][vc_empty_space height=\u00bb15px\u00bb][\/vc_column_inner][vc_column_inner width=\u00bb1\/3&#8243;][vc_single_image image=\u00bb2512&#8243; img_size=\u00bb400&#215;400&#8243; qode_css_animation=\u00bb\u00bb][vc_empty_space height=\u00bb15px\u00bb][\/vc_column_inner][vc_column_inner width=\u00bb1\/3&#8243;][vc_single_image image=\u00bb2511&#8243; img_size=\u00bb400&#215;400&#8243; qode_css_animation=\u00bb\u00bb][vc_empty_space height=\u00bb15px\u00bb][\/vc_column_inner][\/vc_row_inner][\/vc_column][\/vc_row][vc_row css_animation=\u00bb\u00bb row_type=\u00bbrow\u00bb use_row_as_full_screen_section=\u00bbno\u00bb type=\u00bbfull_width\u00bb angled_section=\u00bbno\u00bb text_align=\u00bbleft\u00bb background_image_as_pattern=\u00bbwithout_pattern\u00bb z_index=\u00bb\u00bb css=\u00bb.vc_custom_1667983705450{margin-right: 5% !important;margin-left: 5% !important;}\u00bb][vc_column offset=\u00bbvc_hidden-lg vc_hidden-md\u00bb][vc_column_text]<strong>Los espacios comunes del centro de emprendedores son los siguientes:<\/strong><\/p>\n<p><span style=\"color: #048dc1;\"><strong>Espacios comunes<\/strong><\/span><\/p>\n<p>\u25cf Dos almacenes (espacio disponible para centro emprendedores).<br \/>\n\u25cf Sala de reprograf\u00eda.<br \/>\n\u25cf Dos salas de descanso.<br \/>\n\u25cf Photo-call para ruedas de prensa.<br \/>\n\u25cf Dos ba\u00f1os (hombres y mujeres).<br \/>\n\u25cf Almac\u00e9n y sala exposiciones (planta segunda).[\/vc_column_text][vc_empty_space][vc_gallery interval=\u00bb3&#8243; images=\u00bb2512,2511,2513&#8243;][\/vc_column][\/vc_row][vc_row css_animation=\u00bb\u00bb row_type=\u00bbrow\u00bb use_row_as_full_screen_section=\u00bbno\u00bb type=\u00bbfull_width\u00bb angled_section=\u00bbno\u00bb text_align=\u00bbleft\u00bb background_image_as_pattern=\u00bbwithout_pattern\u00bb][vc_column][vc_empty_space height=\u00bb100px\u00bb][\/vc_column][\/vc_row][vc_row css_animation=\u00bb\u00bb row_type=\u00bbrow\u00bb use_row_as_full_screen_section=\u00bbno\u00bb type=\u00bbgrid\u00bb angled_section=\u00bbno\u00bb text_align=\u00bbleft\u00bb background_image_as_pattern=\u00bbwithout_pattern\u00bb z_index=\u00bb\u00bb css=\u00bb.vc_custom_1669274132883{background-color: #ebf6fa !important;}\u00bb el_id=\u00bbnuestros-coworkers\u00bb][vc_column][vc_empty_space height=\u00bb100px\u00bb][vc_row_inner row_type=\u00bbrow\u00bb type=\u00bbfull_width\u00bb text_align=\u00bbleft\u00bb css_animation=\u00bb\u00bb][vc_column_inner width=\u00bb2\/3&#8243;][vc_column_text]<\/p>\n<h2>Nuestros coworkers<\/h2>\n<p>En nuestro coworking conviven diferentes entidades que tienen alojada su sede aqu\u00ed, creando un espacio colaborativo que ha generado sinergias entre todas las entidades. \u00bfQuieres conocerlas?[\/vc_column_text][vc_empty_space height=\u00bb15px\u00bb][vc_column_text]<\/p>\n<h3 style=\"text-align: left;\"><span style=\"color: #028ec1;\"><a href=\"https:\/\/maestrazgo.org\/esdi\/espacio-coworking#adema\">ADEMA <\/a>\u00a0| <a href=\"https:\/\/maestrazgo.org\/esdi\/espacio-coworking#geoparque\">GEOPARQUE DEL MAESTRAZGO\u00a0<\/a> |<br \/>\n<a href=\"https:\/\/maestrazgo.org\/esdi\/espacio-coworking#quebrantahuesos\">FUNDACI\u00d3N QUEBRANTAHUESOS<\/a> | <a href=\"https:\/\/maestrazgo.org\/esdi\/espacio-coworking#agujama\">AGUJAMA<\/a><\/span><\/h3>\n<p>[\/vc_column_text][\/vc_column_inner][vc_column_inner width=\u00bb1\/3&#8243; offset=\u00bbvc_hidden-sm vc_hidden-xs\u00bb][vc_gallery type=\u00bbimage_grid\u00bb images=\u00bb2167,2166,2165,2164&#8243; img_size=\u00bbfull\u00bb onclick=\u00bb\u00bb column_number=\u00bb2&#8243; grayscale=\u00bbno\u00bb images_space=\u00bbgallery_with_space\u00bb][\/vc_column_inner][\/vc_row_inner][vc_empty_space height=\u00bb100px\u00bb][\/vc_column][\/vc_row][vc_row css_animation=\u00bb\u00bb row_type=\u00bbrow\u00bb use_row_as_full_screen_section=\u00bbno\u00bb type=\u00bbgrid\u00bb angled_section=\u00bbno\u00bb text_align=\u00bbleft\u00bb background_image_as_pattern=\u00bbwithout_pattern\u00bb z_index=\u00bb\u00bb css=\u00bb.vc_custom_1676015048011{background-color: #ebf6fa !important;}\u00bb el_id=\u00bbadema\u00bb][vc_column][vc_separator type=\u00bbnormal\u00bb color=\u00bb#028ec1&#8243;][vc_empty_space height=\u00bb100px\u00bb][vc_row_inner row_type=\u00bbrow\u00bb type=\u00bbfull_width\u00bb text_align=\u00bbleft\u00bb css_animation=\u00bb\u00bb][vc_column_inner width=\u00bb1\/3&#8243;][vc_single_image image=\u00bb2320&#8243; img_size=\u00bbfull\u00bb qode_css_animation=\u00bb\u00bb][vc_empty_space][\/vc_column_inner][vc_column_inner width=\u00bb2\/3&#8243;][vc_single_image image=\u00bb2536&#8243; img_size=\u00bb200X150&#8243; qode_css_animation=\u00bb\u00bb][vc_column_text]<\/p>\n<h3><span style=\"color: #028ec1;\">ADEMA<\/span><\/h3>\n<p>ADEMA (Asociaci\u00f3n para el Desarrollo del Maestrazgo) se fund\u00f3 en noviembre del a\u00f1o 2002 en el municipio de Molinos, con la finalidad principal de gestionar los fondos de LEADER+ en la Comarca del Maestrazgo (dentro del Grupo de Acci\u00f3n Local AGUJAMA, que gestiona el LEADER en Maestrazgo y G\u00fadar-Javalambre). Los fines de ADEMA como Grupo de Acci\u00f3n Local son gestionar programas de desarrollo rural en su \u00e1mbito de actuaci\u00f3n, en especial la gesti\u00f3n de fondos europeos.<\/p>\n<p>ADEMA tiene tambi\u00e9n entre sus prioridades sensibilizar a la poblaci\u00f3n en las problem\u00e1ticas del medio rural turolense y ejercer como organismo receptor y distribuidor de informaci\u00f3n de inter\u00e9s para el medio rural (en especial la europea, a trav\u00e9s del servicio del EUROPE DIRECT Maestrazgo) y el trabajo en red con otros centros de similares caracter\u00edsticas en Arag\u00f3n, Espa\u00f1a y Europa. Entre otras iniciativas, se han gestionado proyectos con LEADER, INTERREG y EQUAL, junto a otros programas europeos especializados en comunicaci\u00f3n y difusi\u00f3n de la informaci\u00f3n.<\/p>\n<p>ADEMA forma parte de la Red Aragonesa de Centros Emprendedores RED ARCE y del mismo modo, a trav\u00e9s del \u00e1rea EUROPE DIRECT Maestrazgo participa en redes de informaci\u00f3n y comunicaci\u00f3n de car\u00e1cter europeo.<\/p>\n<p>Del mismo modo ADEMA est\u00e1 integrado en los Grupos LEADER a trav\u00e9s de la entidad hermana AGUJAMA.<\/p>\n<p>La entidad tiene un convenio con la Comarca del Maestrazgo y gestiona el peri\u00f3dico comarcal Maestrazgo Informaci\u00f3n, peri\u00f3dico de informaci\u00f3n comarcal redactado y editado desde la Comarca de Maestrazgo.<\/p>\n<p>&nbsp;<\/p>\n<p>Coordinador: <strong>Jorge Abril Aznar<\/strong><\/p>\n<p>T\u00e9cnico:<strong> Lorena Sales Ob\u00f3n<\/strong>[\/vc_column_text][vc_empty_space height=\u00bb15px\u00bb]<a  itemprop=\"url\" href=\"http:\/\/maestrazgo.org\/leader\/\" target=\"_blank\"  class=\"qbutton  center enlarge\" style=\"margin: 0 auto; \">Visita su web<\/a>[\/vc_column_inner][\/vc_row_inner][vc_empty_space height=\u00bb100px\u00bb][\/vc_column][\/vc_row][vc_row css_animation=\u00bb\u00bb row_type=\u00bbrow\u00bb use_row_as_full_screen_section=\u00bbno\u00bb type=\u00bbgrid\u00bb angled_section=\u00bbno\u00bb text_align=\u00bbleft\u00bb background_image_as_pattern=\u00bbwithout_pattern\u00bb z_index=\u00bb\u00bb css=\u00bb.vc_custom_1676015060435{background-color: #ebf6fa !important;}\u00bb el_id=\u00bbgeoparque\u00bb][vc_column][vc_separator type=\u00bbnormal\u00bb color=\u00bb#028ec1&#8243;][vc_empty_space height=\u00bb100px\u00bb][vc_row_inner row_type=\u00bbrow\u00bb type=\u00bbfull_width\u00bb text_align=\u00bbleft\u00bb css_animation=\u00bb\u00bb][vc_column_inner width=\u00bb1\/3&#8243;][vc_single_image image=\u00bb2531&#8243; img_size=\u00bbfull\u00bb qode_css_animation=\u00bb\u00bb][vc_empty_space][\/vc_column_inner][vc_column_inner width=\u00bb2\/3&#8243;][vc_single_image image=\u00bb2536&#8243; img_size=\u00bb200X150&#8243; qode_css_animation=\u00bb\u00bb][vc_column_text]<\/p>\n<h3><span style=\"color: #028ec1;\">PARQUE CULTURAL DEL MAESTRAZGO &#8211; GEOPARQUE MUNDIAL DE LA UNESCO<\/span><\/h3>\n<p>El Parque Cultural del Maestrazgo es un proyecto creado por la Ley de Parques Culturales del Gobierno de Arag\u00f3n el 28 de mayo de 1998, que conforman 43 municipios de 6 comarcas aragonesas. Est\u00e1 gestionado en la actualidad por la Asociaci\u00f3n Parque Cultural del Maestrazgo, entidad sin \u00e1nimo de lucro que vela por la conservaci\u00f3n, promoci\u00f3n, difusi\u00f3n e investigaci\u00f3n del patrimonio cultural y natural de sus municipios integrantes.<\/p>\n<p>Dentro de las diferentes \u00e1reas y actividades de la entidad, que participa de diversos \u00f3rganos consultivos, forma parte de la Junta Directiva de la Asociaci\u00f3n para el Desarrollo del Maestrazgo y previamente a su constituci\u00f3n como asociaci\u00f3n independiente en 2010, y desde 2005 form\u00f3 parte de la estructura de trabajo de la misma.<\/p>\n<p>En la actualidad la entidad gestiona el Geoparque del Maestrazgo, un proyecto pionero adscrito al programa de Geoparques Mundiales de la UNESCO .<\/p>\n<p>El Parque Cultural del Maestrazgo tiene su sede en Molinos, ubicando la misma en las instalaciones de ADEMA a trav\u00e9s de un convenio de colaboraci\u00f3n entre ambas entidades.<\/p>\n<p>&nbsp;<\/p>\n<p>Gerente: <strong>\u00c1ngel Hern\u00e1ndez\u00a0<\/strong>[\/vc_column_text][vc_empty_space height=\u00bb15px\u00bb]<a  itemprop=\"url\" href=\"https:\/\/www.geoparquemaestrazgo.com\/\" target=\"_blank\"  class=\"qbutton  center enlarge\" style=\"margin: 0 auto; \">Visita su web<\/a>[\/vc_column_inner][\/vc_row_inner][vc_empty_space height=\u00bb100px\u00bb][\/vc_column][\/vc_row][vc_row css_animation=\u00bb\u00bb row_type=\u00bbrow\u00bb use_row_as_full_screen_section=\u00bbno\u00bb type=\u00bbgrid\u00bb angled_section=\u00bbno\u00bb text_align=\u00bbleft\u00bb background_image_as_pattern=\u00bbwithout_pattern\u00bb z_index=\u00bb\u00bb css=\u00bb.vc_custom_1676015332651{background-color: #ebf6fa !important;}\u00bb el_id=\u00bbquebrantahuesos\u00bb][vc_column][vc_separator type=\u00bbnormal\u00bb color=\u00bb#028ec1&#8243;][vc_empty_space height=\u00bb100px\u00bb][vc_row_inner row_type=\u00bbrow\u00bb type=\u00bbfull_width\u00bb text_align=\u00bbleft\u00bb css_animation=\u00bb\u00bb][vc_column_inner width=\u00bb1\/3&#8243;][vc_single_image image=\u00bb2532&#8243; img_size=\u00bbfull\u00bb qode_css_animation=\u00bb\u00bb][vc_empty_space][\/vc_column_inner][vc_column_inner width=\u00bb2\/3&#8243;][vc_single_image image=\u00bb2534&#8243; img_size=\u00bb300X100&#8243; qode_css_animation=\u00bb\u00bb css=\u00bb.vc_custom_1676014516181{padding-bottom: 5% !important;}\u00bb][vc_column_text]<\/p>\n<h3><span style=\"color: #028ec1;\">FUNDACI\u00d3N CONSERVACI\u00d3N DEL QUEBRANTAHUESOS\u00a0<\/span><\/h3>\n<p>La Fundaci\u00f3n para la Conservaci\u00f3n del Quebrantahuesos es una organizaci\u00f3n no gubernamental declarada de utilidad p\u00fablica que se dedica a promover y desarrollar proyectos de conservaci\u00f3n, gesti\u00f3n,<br \/>\neducaci\u00f3n ambiental, desarrollo rural y ecoturismo en los h\u00e1bitats de monta\u00f1a en los que vive el quebrantahuesos.<\/p>\n<p>La Fundaci\u00f3n gestiona diferentes programas y proyectos europeos y en estos momentos, la Fundaci\u00f3n tiene aprobado un proyecto europeo LIFE Pro BV NAT\/ES\/001363 para reintroducir el quebrantahuesos en el Sistema Ib\u00e9rico Turolense y tienen la sede oficial del proyecto en la sede de ADEMA a trav\u00e9s de un convenio de colaboraci\u00f3n entre ambas entidades.<\/p>\n<p>&nbsp;<\/p>\n<p>Equipo t\u00e9cnico:<\/p>\n<p><strong>\u00c1lvaro Duro. <\/strong>T\u00e9cnico de campo en el Maestrazgo (Teruel).<\/p>\n<p><strong>Pablo Gonz\u00e1lez. <\/strong>T\u00e9cnico de campo en el Maestrazgo (Teruel)[\/vc_column_text][vc_empty_space height=\u00bb15px\u00bb]<a  itemprop=\"url\" href=\"https:\/\/quebrantahuesos.org\/\" target=\"_blank\"  class=\"qbutton  center enlarge\" style=\"margin: 0 auto; \">Visita su web<\/a>[\/vc_column_inner][\/vc_row_inner][vc_empty_space height=\u00bb100px\u00bb][\/vc_column][\/vc_row][vc_row css_animation=\u00bb\u00bb row_type=\u00bbrow\u00bb use_row_as_full_screen_section=\u00bbno\u00bb type=\u00bbgrid\u00bb angled_section=\u00bbno\u00bb text_align=\u00bbleft\u00bb background_image_as_pattern=\u00bbwithout_pattern\u00bb z_index=\u00bb\u00bb css=\u00bb.vc_custom_1676015340386{background-color: #ebf6fa !important;}\u00bb el_id=\u00bbagujama\u00bb][vc_column][vc_separator type=\u00bbnormal\u00bb color=\u00bb#028ec1&#8243;][vc_empty_space height=\u00bb100px\u00bb][vc_row_inner row_type=\u00bbrow\u00bb type=\u00bbfull_width\u00bb text_align=\u00bbleft\u00bb css_animation=\u00bb\u00bb][vc_column_inner width=\u00bb1\/3&#8243;][vc_single_image image=\u00bb2537&#8243; img_size=\u00bbfull\u00bb qode_css_animation=\u00bb\u00bb][vc_empty_space][\/vc_column_inner][vc_column_inner width=\u00bb2\/3&#8243;][vc_single_image image=\u00bb2535&#8243; img_size=\u00bb280X150&#8243; qode_css_animation=\u00bb\u00bb css=\u00bb.vc_custom_1676015388242{padding-bottom: 5% !important;}\u00bb][vc_column_text]<\/p>\n<h3><span style=\"color: #028ec1;\">AGRUPACI\u00d3N DE ENTIDADES PARA EL DESARROLLO DE LA PROVINCIA DE TERUEL <\/span><\/h3>\n<p>La AEDPT una federaci\u00f3n de personas jur\u00eddicas fundada por los siete Grupos de Desarrollo LEADER de la provincia de Teruel en 2005. La entidad, que acogi\u00f3 como socios a las agrupaciones patronales de la provincia en 2017, tiene personalidad jur\u00eddica y \u00e1mbito supraprovincial (gracias a la participaci\u00f3n de ADRI Jiloca-Gallocanta, que act\u00faa tambi\u00e9n en la provincia de Zaragoza), y tiene entre sus fines participar y llevar a cabo iniciativas y proyectos para el medio rural y sus habitantes.<\/p>\n<p>La entidad en estos momentos est\u00e1 desarrollando el proyecto \u201cAqu\u00ed hay vivienda, aqu\u00ed hay futuro\u201d que pretende sentar las bases para tener una pol\u00edtica de vivienda de alquiler moderna y accesible para fomentar la llegada de nuevos pobladores al medio rural Turolense<\/p>\n<p>&nbsp;<\/p>\n<p>Equipo t\u00e9cnico: <strong>Mar\u00eda Guallar<\/strong>[\/vc_column_text][vc_empty_space height=\u00bb15px\u00bb]<a  itemprop=\"url\" href=\"https:\/\/agujama.org\/\" target=\"_blank\"  class=\"qbutton  center enlarge\" style=\"margin: 0 auto; \">Visita su web<\/a>[\/vc_column_inner][\/vc_row_inner][vc_empty_space height=\u00bb100px\u00bb][\/vc_column][\/vc_row]<\/p>\n","protected":false},"excerpt":{"rendered":"<p>[vc_row css_animation=\u00bb\u00bb row_type=\u00bbrow\u00bb use_row_as_full_screen_section=\u00bbno\u00bb type=\u00bbgrid\u00bb angled_section=\u00bbno\u00bb text_align=\u00bbleft\u00bb background_image_as_pattern=\u00bbwithout_pattern\u00bb z_index=\u00bb\u00bb][vc_column][vc_empty_space height=\u00bb100px\u00bb][vc_row_inner row_type=\u00bbrow\u00bb type=\u00bbfull_width\u00bb text_align=\u00bbleft\u00bb css_animation=\u00bb\u00bb][vc_column_inner width=\u00bb1\/6&#8243;][\/vc_column_inner][vc_column_inner width=\u00bb2\/3&#8243;][\/vc_column_inner][vc_column_inner width=\u00bb1\/6&#8243;][\/vc_column_inner][\/vc_row_inner][vc_empty_space height=\u00bb50px\u00bb][\/vc_column][\/vc_row][vc_row css_animation=\u00bb\u00bb row_type=\u00bbrow\u00bb use_row_as_full_screen_section=\u00bbno\u00bb type=\u00bbgrid\u00bb angled_section=\u00bbno\u00bb text_align=\u00bbleft\u00bb background_image_as_pattern=\u00bbwithout_pattern\u00bb z_index=\u00bb\u00bb el_id=\u00bbback-left\u00bb css=\u00bb.vc_custom_1669122662785{background-image: url(https:\/\/maestrazgo.org\/esdi\/wp-content\/uploads\/2022\/11\/rec2.jpg?id=2443) !important;background-position: center !important;background-repeat: no-repeat !important;background-size: contain !important;}\u00bb][vc_column offset=\u00bbvc_hidden-sm vc_hidden-xs\u00bb][vc_empty_space height=\u00bb100px\u00bb][vc_row_inner row_type=\u00bbrow\u00bb type=\u00bbfull_width\u00bb text_align=\u00bbleft\u00bb css_animation=\u00bb\u00bb css=\u00bb.vc_custom_1669122690225{padding: 50px&#8230;<\/p>\n","protected":false},"author":1,"featured_media":0,"parent":0,"menu_order":0,"comment_status":"closed","ping_status":"closed","template":"full_width.php","meta":{"footnotes":""},"class_list":["post-2460","page","type-page","status-publish","hentry"],"_links":{"self":[{"href":"https:\/\/maestrazgo.org\/esdi\/wp-json\/wp\/v2\/pages\/2460","targetHints":{"allow":["GET"]}}],"collection":[{"href":"https:\/\/maestrazgo.org\/esdi\/wp-json\/wp\/v2\/pages"}],"about":[{"href":"https:\/\/maestrazgo.org\/esdi\/wp-json\/wp\/v2\/types\/page"}],"author":[{"embeddable":true,"href":"https:\/\/maestrazgo.org\/esdi\/wp-json\/wp\/v2\/users\/1"}],"replies":[{"embeddable":true,"href":"https:\/\/maestrazgo.org\/esdi\/wp-json\/wp\/v2\/comments?post=2460"}],"version-history":[{"count":44,"href":"https:\/\/maestrazgo.org\/esdi\/wp-json\/wp\/v2\/pages\/2460\/revisions"}],"predecessor-version":[{"id":2709,"href":"https:\/\/maestrazgo.org\/esdi\/wp-json\/wp\/v2\/pages\/2460\/revisions\/2709"}],"wp:attachment":[{"href":"https:\/\/maestrazgo.org\/esdi\/wp-json\/wp\/v2\/media?parent=2460"}],"curies":[{"name":"wp","href":"https:\/\/api.w.org\/{rel}","templated":true}]}}